{"id":493,"date":"2024-01-19T12:22:54","date_gmt":"2024-01-19T11:22:54","guid":{"rendered":"https:\/\/ddesz.lublin.eu\/?page_id=493"},"modified":"2024-01-19T12:22:55","modified_gmt":"2024-01-19T11:22:55","slug":"nasza-historia","status":"publish","type":"page","link":"https:\/\/domdziecka.lublin.pl\/?page_id=493","title":{"rendered":"Nasza historia"},"content":{"rendered":"\n<h1 class=\"wp-block-heading\">Zak\u0142ady Rzemie\u015blniczo-Wychowawcze pw. \u015bw. J\u00f3zefa (1922-1949)<\/h1>\n\n\n\n<p>Pocz\u0105tek funkcjonowania domu dziecka (przed wojn\u0105 w formie tzw. ochronki) wi\u0105\u017ce si\u0119 z istnieniem w Lublinie Zak\u0142adu Rzemie\u015blniczo-Wychowawczego p.w. \u015bw. J\u00f3zefa prowadzonego przez bezhabitowe Zgromadzenie Braci S\u0142ug Niepokalanej Maryi. Zgromadzenie kupi\u0142o w 1928 r. dzia\u0142k\u0119 przy ul. Narutowicza 32 (ci\u0105gn\u0119\u0142a si\u0119 ona od ulicy Narutowicza a\u017c po dzisiejsze ogr\u00f3dki dzia\u0142kowe). Po wybudowaniu na tej dzia\u0142ce kamienicy najpierw od 1932 r. mie\u015bci\u0142a si\u0119 tu \u201eKropla mleka\u201d \u2013 Stacja opieki nad Matk\u0105 i Dzieckiem (otwarty zak\u0142ad dla niemowl\u0105t, w kt\u00f3rym znajdowa\u0142a si\u0119 poradnia lekarska oraz punkt wydawania mieszanek mlecznych), a nast\u0119pnie przeprowadzi\u0142 si\u0119 tu Zak\u0142ad Rzemie\u015blniczo-Wychowawczy p.w. \u015bw. J\u00f3zefa (wcze\u015bniej, od 1922 r., Zak\u0142ad ten mie\u015bci\u0142 si\u0119 w pobliskiej kamienicy przy ul. Narutowicza 48).<br>Czas wojny spowodowa\u0142 zawieszenie dzia\u0142alno\u015bci tego zak\u0142adu, ale po wojnie bracia wznowili jego dzia\u0142alno\u015b\u0107 w formie domu dziecka ze szko\u0142\u0105 rzemie\u015blnicz\u0105 (kszta\u0142ci\u0142a w zawodach szewskim, cholewkarskim, ogrodniczym i krawieckim). W zwi\u0105zku ze zmian\u0105 prawa o stowarzyszeniach w\u0142adze odm\u00f3wi\u0142y rejestracji Stowarzyszenia \u201eZak\u0142ad Rzemie\u015blniczo-Wychowawczy\u201d co wi\u0105za\u0142o si\u0119 z likwidacj\u0105 tego\u017c Stowarzyszenia i sam zak\u0142ad zosta\u0142 upa\u0144stwowiony. Jako pow\u00f3d likwidacji w\u0142adze poda\u0142y.. :\u017ce zar\u00f3wno W\u0142adze Stowarzyszenia jak i Statut nie gwarantuj\u0105 nale\u017cytego kierunku wychowawczego\u201d.<br>Z czasu prowadzenia Zak\u0142adu Rzemie\u015blniczo-Wychowawczego p.w. \u015bw. J\u00f3zefa warto podkre\u015bli\u0107, \u017ce opr\u00f3cz opieki i nauki zawodu rzemie\u015blniczych, dbano tak\u017ce o edukacj\u0119 wychowank\u00f3w (nacisk k\u0142adziono te\u017c na warto\u015bci religijne) i w\u0142\u0105czano ich do prac na rzecz spo\u0142eczno\u015bci domu.<\/p>\n\n\n\n<h1 class=\"wp-block-heading\">Pa\u0144stwowy Dom Dziecka (1949-1993)<\/h1>\n\n\n\n<p>W pa\u017adzierniku 1949 rozpocz\u0105\u0142 sw\u00f3j byt Pa\u0144stwowy Dom M\u0142odzie\u017cy, szybko wprowadzaj\u0105c te\u017c w nim w\u0142a\u015bciwego na tamte czasy patrona \u2013 Mariana Buczka.<br>Dom M\u0142odzie\u017cy, od pocz\u0105tku istnienia by\u0142 przeznaczony dla ch\u0142opc\u00f3w w wieku ponad 14 roku \u017cycia, uczono w nim zawod\u00f3w rzemie\u015blniczych i obejmowa\u0142 on opiek\u0105 ok. 30 ch\u0142opc\u00f3w. Pierwszym Dyrektorem by\u0142 Pan Henryk Jerzyna. Potrzeby lokalowe spowodowa\u0142y, \u017ce budynek postanowiono rozbudowa\u0107. W latach 1960 \u2013 1962, cz\u0119\u015bciowo \u201eczynem spo\u0142ecznym\u201d (do pracy byli w\u0142\u0105czani zar\u00f3wno wychowankowie jak i pracownicy Domu Dziecka), dobudowano nowe skrzyd\u0142o budynku. Dzi\u0119ki temu liczba wychowank\u00f3w zwi\u0119ksza\u0142a si\u0119 do oko\u0142o 100 os\u00f3b, co spowodowa\u0142o, \u017ce do roku 1973 opu\u015bci\u0142o Dom Dziecka ju\u017c 1000 os\u00f3b.<br>Wychowanie w domu dziecka by\u0142o przez te lata kszta\u0142towane w duchu ustroju. Przegl\u0105daj\u0105c stare kroniki Domu nie trudno w nich znale\u017a\u0107 liczne odniesienia do socjalistycznej rzeczywisto\u015bci. Warto podkre\u015bli\u0107 jednak preferowane aktywne sp\u0119dzanie czasu, sportu, liczne zaj\u0119cia kulturalne i artystyczne, udzia\u0142 w harcerstwie i zaj\u0119cia turystyczno-krajoznawcze, akcja zakupu ksi\u0105\u017ceczek mieszkaniowych dla wychowank\u00f3w.. Z tego czasu wida\u0107 w tych opisach, \u017ce starano si\u0119, aby dzieci i m\u0142odzie\u017c \u201emia\u0142y zaj\u0119cie\u201d.<br>Po przemianach ustrojowych dla Domu Dziecka by\u0142 to czas zmian, kt\u00f3re najpierw zaowocowa\u0142y zmian\u0105 \u2026. nazwy: w 1991 roku Dom Dziecka im. M. Buczka sta\u0142 si\u0119 Pa\u0144stwowym Domem Dziecka.<\/p>\n\n\n\n<h1 class=\"wp-block-heading\">Dom Dziecka im. Ewy Szelburg-Zarembiny i jego reorganizacja w Centrum Administracyjne im. Ewy Szelburg-Zarembiny oraz Domy Rodzinne Nr 1, 2, 3, 4 (1993-nadal)<\/h1>\n\n\n\n<p>W 1993 roku Dom Dziecka zacz\u0105\u0142 funkcjonowa\u0107 pod nazw\u0105 Pa\u0144stwowy Dom Dziecka im. Ewy Szelburg-Zarembiny, a nast\u0119pnie w 1996 r. jako Dom Dziecka Nr 2 im. Ewy Szelburg-Zarembiny.<br>Pomimo pi\u0119trz\u0105cych si\u0119 trudno\u015bci dostrze\u017cono nowe mo\u017cliwo\u015bci rozwoju, dlatego w 1994 r. powstaje Stowarzyszenie Przyjaci\u00f3\u0142 Dzieci Zarembiacy przy Domu Dziecka im. Ewy Szelburg-Zarembiny, kt\u00f3re od pocz\u0105tku w\u0142\u0105cza si\u0119 aktywnie w dzia\u0142ania na rzecz wychowank\u00f3w. Jednocze\u015bnie Stowarzyszenie podj\u0119\u0142o dzia\u0142ania w \u015brodowisku (aby dzieci nie trafia\u0142y do domu dziecka) m.in. prowadz\u0105c \u015bwietlic\u0119 opieku\u0144cz\u0105, i rozwijaj\u0105c prac\u0119 z rodzinami dzieci, szukaj\u0105c kandydat\u00f3w na rodziny zaprzyja\u017anione, zast\u0119pcze i adopcyjne.<br>Dyrekcja Domu Dziecka i pracownicy dostrzegali skuteczno\u015b\u0107 takiej pracy, dlatego powsta\u0142a koncepcja kompleksowej pomocy dzieciom i rodzinie. Na program ten sk\u0142ada\u0142y si\u0119 trzy elementy: prowadzenie poradnictwa i terapii dla rodzin w sytuacji kryzysowej (przez prowadzenie Specjalistycznej Poradni dla Rodzin), obj\u0119cie opiek\u0105 dzieci w ramach Domu Dziecka, ale pomy\u015blanego w formie ma\u0142ych grup wychowawczych usytuowanych w oddzielnych domach, oraz pomocy dla usamodzielnianych wychowank\u00f3w w postaci mieszka\u0144 chronionych.<br>W celu realizacji tego ambitnego i nowatorskiego planu w 2004 powo\u0142ano Zesp\u00f3\u0142 Plac\u00f3wek Wsparcia Dziecka i Rodziny, w sk\u0142ad kt\u00f3rego wesz\u0142y: Dom Dziecka im. Ewy Szelburg-Zarembiny w Lublinie, mieszkania chronione i Specjalistyczna Poradnia dla Rodzin.<br>W\u00f3wczas podj\u0119ta zosta\u0142a te\u017c decyzja o zakupie dom\u00f3w na potrzeby autonomicznych grup wychowawczych (jednocze\u015bnie postanowiono, \u017ce zostanie sprzedany budynek przy ul. Narutowicza).<br>W latach 2005-2006 zakupiono 3 domy jednorodzinne na potrzeby autonomicznych grup wychowawczych i otwarte zosta\u0142o pierwsze mieszkania chronione dla usamodzielnianej m\u0142odzie\u017cy. Specjalistyczna Poradnia dla Rodzin rozpocz\u0119\u0142a dzia\u0142anie: kompletowa\u0142a kadr\u0119 i wypracowywa\u0142a sw\u00f3j model funkcjonowania.<br>W 2007 r. nast\u0105pi\u0142a przeprowadzka dzieci do 3 dom\u00f3w (kt\u00f3re przyj\u0119\u0142y nazw\u0119 Dom\u00f3w Rodzinnych Nr 1, 2, 3) przeznaczonych \u0142\u0105cznie dla 38 dzieci. Dzieci poczu\u0142y si\u0119 troch\u0119 jak w innym \u015bwiecie \u2026 W budynku przy ul. Narutowicza 32 pozosta\u0142a jedynie administracja Domu Dziecka i Specjalistyczna Poradnia dla Rodzin.<br>W 2007 r. zmar\u0142a Pani Stefania Wr\u00f3blewska, kt\u00f3ra przekaza\u0142a Domowi Dziecka mieszkanie przy ul. Glinianej i \u015brodki pieni\u0119\u017cne i ruchomo\u015bci, za kt\u00f3re w 2010 r. kupiono mieszkanie przy ul. Strzembosza w Lublinie.<br>Koncepcja Zespo\u0142u Plac\u00f3wek Wsparcia Dziecka i Rodziny nie trwa\u0142a niestety d\u0142ugo. Pomimo tego, \u017ce sprawdza\u0142a si\u0119 ona w praktyce i obejmowa\u0142a prac\u0105 du\u017c\u0105 grup\u0119 dzieci i rodzin, zmiany w przepisach prawnych, spowodowa\u0142y, \u017ce w 2009 r. nast\u0105pi\u0142a likwidacja Zespo\u0142u. Na jego miejsce powo\u0142ano Domu Dziecka im. Ew. Szelburg-Zarembiny (w jego sk\u0142adzie pozosta\u0142y mieszkania chronione), a Specjalistycznej Poradni dla Rodzin znalaz\u0142a si\u0119 w strukturach Miejskiego O\u015brodka Pomocy Rodzinie w Lublinie. W tym roku rozpocz\u0119\u0142o te\u017c funkcjonowanie mieszkania usamodzielnienia przy ul. Glinianej, gdzie zamieszka\u0142o 8 starszych wychowank\u00f3w, daj\u0105c pocz\u0105tek Domowi Rodzinnemu Nr 4.<br>Kolejn\u0105 zmian\u0119: przyni\u00f3s\u0142 rok 2011, kiedy nast\u0105pi\u0142a przeprowadzka administracji Domu Dziecka do nowej siedziby przy Al. Rac\u0142awickich 22 w Lublinie. W tym roku ko\u0144czy si\u0119 oko\u0142o 80-letnia historia funkcjonowania budynku Domu Dziecka (i wcze\u015bniej Zak\u0142adu Rzemie\u015blniczo-Wychowawczego) przy ul. Narutowicza 32 w Lublinie.<br>Kolejna reforma wprowadzona ustaw\u0105 o wspieraniu rodziny i systemie pieczy zast\u0119pczej spowodowa\u0142a w 2013 r. reorganizacj\u0119 Domu Dziecka im. Ewy Szelburg-Zarembiny w Lublinie. Powo\u0142ano Centrum Administracyjnego im. E Szelburg-Zarembiny i cztery plac\u00f3wki opieku\u0144czo-wychowawcze, kt\u00f3re przyj\u0119\u0142y nazw\u0119 Dom\u00f3w Rodzinnych Nr 1, 2, 3, 4, obejmuj\u0105c opiek\u0105 50 wychowank\u00f3w. Mieszkania chronione, utworzone i prowadzone do tej pory przez Dom Dziecka, wesz\u0142y w sk\u0142ad Miejskiego O\u015brodka Pomocy Rodzinie w Lublinie.<\/p>\n","protected":false},"excerpt":{"rendered":"<p>Zak\u0142ady Rzemie\u015blniczo-Wychowawcze pw. \u015bw. J\u00f3zefa (1922-1949) Pocz\u0105tek funkcjonowania domu dziecka (przed wojn\u0105 w formie tzw. ochronki) wi\u0105\u017ce si\u0119 z istnieniem w Lublinie Zak\u0142adu Rzemie\u015blniczo-Wychowawczego p.w. [&hellip;]<\/p>\n","protected":false},"author":1,"featured_media":0,"parent":0,"menu_order":0,"comment_status":"closed","ping_status":"closed","template":"","meta":{"footnotes":""},"_links":{"self":[{"href":"https:\/\/domdziecka.lublin.pl\/index.php?rest_route=\/wp\/v2\/pages\/493"}],"collection":[{"href":"https:\/\/domdziecka.lublin.pl\/index.php?rest_route=\/wp\/v2\/pages"}],"about":[{"href":"https:\/\/domdziecka.lublin.pl\/index.php?rest_route=\/wp\/v2\/types\/page"}],"author":[{"embeddable":true,"href":"https:\/\/domdziecka.lublin.pl\/index.php?rest_route=\/wp\/v2\/users\/1"}],"replies":[{"embeddable":true,"href":"https:\/\/domdziecka.lublin.pl\/index.php?rest_route=%2Fwp%2Fv2%2Fcomments&post=493"}],"version-history":[{"count":1,"href":"https:\/\/domdziecka.lublin.pl\/index.php?rest_route=\/wp\/v2\/pages\/493\/revisions"}],"predecessor-version":[{"id":494,"href":"https:\/\/domdziecka.lublin.pl\/index.php?rest_route=\/wp\/v2\/pages\/493\/revisions\/494"}],"wp:attachment":[{"href":"https:\/\/domdziecka.lublin.pl\/index.php?rest_route=%2Fwp%2Fv2%2Fmedia&parent=493"}],"curies":[{"name":"wp","href":"https:\/\/api.w.org\/{rel}","templated":true}]}}